{"id":110,"date":"2014-12-15T09:10:30","date_gmt":"2014-12-15T09:10:30","guid":{"rendered":"http:\/\/grafik-lessing.de\/?page_id=110"},"modified":"2025-08-20T07:56:32","modified_gmt":"2025-08-20T07:56:32","slug":"datenschutz","status":"publish","type":"page","link":"https:\/\/grafik-lessing.de\/?page_id=110","title":{"rendered":"Datenschutzerkl\u00e4rung"},"content":{"rendered":"\n<h2 id=\"wp-block-themeisle-blocks-advanced-heading-9c111d93\" class=\"wp-block-themeisle-blocks-advanced-heading wp-block-themeisle-blocks-advanced-heading-9c111d93\">Datenschutzerkl\u00e4rung<\/h2>\n\n\n\n<h4 class=\"wp-block-heading\">1. Datenschutz auf einen Blick<\/h4>\n\n\n\n<h5 class=\"wp-block-heading\">Allgemeine Hinweise<\/h5>\n\n\n\n<p>Die folgenden Hinweise geben einen einfachen \u00dcberblick dar\u00fcber, was mit Ihren personenbezogenen Daten passiert, wenn Sie diese Website besuchen. Personenbezogene Daten sind alle Daten, mit denen Sie pers\u00f6nlich identifiziert werden k\u00f6nnen. Ausf\u00fchrliche Informationen zum Thema Datenschutz entnehmen Sie unserer unter diesem Text aufgef\u00fchrten Datenschutzerkl\u00e4rung.<\/p>\n\n\n\n<h5 class=\"wp-block-heading\">Datenerfassung auf dieser Website<\/h5>\n\n\n\n<h6 class=\"wp-block-heading\">Wer ist verantwortlich f\u00fcr die Datenerfassung auf dieser Website?<\/h6>\n\n\n\n<p>Die Datenverarbeitung auf dieser Website erfolgt durch den Websitebetreiber. Dessen Kontaktdaten k\u00f6nnen Sie dem Abschnitt \u201eHinweis zur Verantwortlichen Stelle\u201c in dieser Datenschutzerkl\u00e4rung entnehmen.<\/p>\n\n\n\n<h6 class=\"wp-block-heading\">Wie erfasse ich Ihre Daten?<\/h6>\n\n\n\n<p>Ihre Daten werden zum einen dadurch erhoben, dass Sie mir diese mitteilen. Hierbei kann es sich z.&nbsp;B. um Daten handeln, die Sie in ein Kontaktformular eingeben. Andere Daten werden automatisch oder nach Ihrer Einwilligung beim Besuch der Website durch meine IT-Systeme erfasst. Das sind vor allem technische Daten (z.&nbsp;B. Internetbrowser, Betriebssystem oder Uhrzeit des Seitenaufrufs). Die Erfassung dieser Daten erfolgt automatisch, sobald Sie diese Website betreten.<\/p>\n\n\n\n<h6 class=\"wp-block-heading\">Wof\u00fcr nutze ich Ihre Daten?<\/h6>\n\n\n\n<p>Ein Teil der Daten wird erhoben, um eine fehlerfreie Bereitstellung der Website zu gew\u00e4hrleisten. Andere Daten k\u00f6nnen zur Analyse Ihres Nutzerverhaltens verwendet werden.<\/p>\n\n\n\n<h6 class=\"wp-block-heading\">Welche Rechte haben Sie bez\u00fcglich Ihrer Daten?<\/h6>\n\n\n\n<p>Sie haben jederzeit das Recht, unentgeltlich Auskunft \u00fcber Herkunft, Empf\u00e4nger und Zweck Ihrer gespeicherten personenbezogenen Daten zu erhalten. Sie haben au\u00dferdem ein Recht, die Berichtigung oder L\u00f6schung dieser Daten zu verlangen. Wenn Sie eine Einwilligung zur Datenverarbeitung erteilt haben, k\u00f6nnen Sie diese Einwilligung jederzeit f\u00fcr die Zukunft widerrufen. Au\u00dferdem haben Sie das Recht, unter bestimmten Umst\u00e4nden die Einschr\u00e4nkung der Verarbeitung Ihrer personenbezogenen Daten zu verlangen. Des Weiteren steht Ihnen ein Beschwerderecht bei der zust\u00e4ndigen Aufsichtsbeh\u00f6rde zu. Hierzu sowie zu weiteren Fragen zum Thema Datenschutz k\u00f6nnen Sie sich jederzeit an mich wenden.<\/p>\n\n\n\n<h6 class=\"wp-block-heading\">Analyse-Tools und Tools von Dritt\u00adanbietern<\/h6>\n\n\n\n<p>Beim Besuch dieser Website kann Ihr Surf-Verhalten statistisch ausgewertet werden. Das geschieht vor allem mit sogenannten Analyseprogrammen. Detaillierte Informationen zu diesen Analyseprogrammen finden Sie in der folgenden Datenschutzerkl\u00e4rung.<\/p>\n\n\n\n<h4 class=\"wp-block-heading\">2. Hosting<\/h4>\n\n\n\n<p>Ich hoste die Inhalte unserer Website bei folgendem Anbieter:<\/p>\n\n\n\n<h5 class=\"wp-block-heading\">Strato<\/h5>\n\n\n\n<p>Anbieter ist die Strato AG, Otto-Ostrowski-Stra\u00dfe 7, 10249 Berlin (nachfolgend \u201eStrato\u201c). Wenn Sie meine Website besuchen, erfasst Strato verschiedene Logfiles inklusive Ihrer IP-Adressen. Weitere Informationen entnehmen Sie der Datenschutzerkl\u00e4rung von Strato: <a href=\"https:\/\/www.strato.de\/datenschutz\/\" target=\"_blank\" rel=\"noreferrer noopener\">https:\/\/www.strato.de\/datenschutz\/<\/a>. Die Verwendung von Strato erfolgt auf Grundlage von Art. 6 Abs. 1 lit. f DSGVO. Ich habe ein berechtigtes Interesse an einer m\u00f6glichst zuverl\u00e4ssigen Darstellung unserer Website. Sofern eine entsprechende Einwilligung abgefragt wurde, erfolgt die Verarbeitung ausschlie\u00dflich auf Grundlage von Art. 6 Abs. 1 lit. a DSGVO und \u00a7 25 Abs. 1 TDDDG, soweit die Einwilligung die Speicherung von Cookies oder den Zugriff auf Informationen im Endger\u00e4t des Nutzers (z.&nbsp;B. Device-Fingerprinting) im Sinne des TDDDG umfasst. Die Einwilligung ist jederzeit widerrufbar.<\/p>\n\n\n\n<h4 class=\"wp-block-heading\">3. Allgemeine Hinweise und Pflicht\u00adinformationen<\/h4>\n\n\n\n<h5 class=\"wp-block-heading\">Datenschutz<\/h5>\n\n\n\n<p>Die Betreiber dieser Seiten nehmen den Schutz Ihrer pers\u00f6nlichen Daten sehr ernst. Ich behandele Ihre personenbezogenen Daten vertraulich und entsprechend den gesetzlichen Datenschutzvorschriften sowie dieser Datenschutzerkl\u00e4rung. Wenn Sie diese Website benutzen, werden verschiedene personenbezogene Daten erhoben. Personenbezogene Daten sind Daten, mit denen Sie pers\u00f6nlich identifiziert werden k\u00f6nnen. Die vorliegende Datenschutzerkl\u00e4rung erl\u00e4utert, welche Daten ich erhebe und wof\u00fcr ich sie nutze. Sie erl\u00e4utert auch, wie und zu welchem Zweck das geschieht. Ich weise darauf hin, dass die Daten\u00fcbertragung im Internet (z.&nbsp;B. bei der Kommunikation per E-Mail) Sicherheitsl\u00fccken aufweisen kann. Ein l\u00fcckenloser Schutz der Daten vor dem Zugriff durch Dritte ist nicht m\u00f6glich.<\/p>\n\n\n\n<h5 class=\"wp-block-heading\">Hinweis zur verantwortlichen Stelle<\/h5>\n\n\n\n<p>Die verantwortliche Stelle f\u00fcr die Datenverarbeitung auf dieser Website ist:<\/p>\n\n\n\n<p>Sigrid Lessing<br>GrafikDesignMedienGestaltung<br>R\u00f6merstra\u00dfe 110 d<br>47228 Duisburg<br>Telefon: 0157-88096054<br>E-Mail: info@grafik-lessing.de<\/p>\n\n\n\n<p>Verantwortliche Stelle ist die nat\u00fcrliche oder juristische Person, die allein oder gemeinsam mit anderen \u00fcber die Zwecke und Mittel der Verarbeitung von personenbezogenen Daten (z.&nbsp;B. Namen, E-Mail-Adressen o. \u00c4.) entscheidet.<\/p>\n\n\n\n<h5 class=\"wp-block-heading\">Speicherdauer<\/h5>\n\n\n\n<p>Soweit innerhalb dieser Datenschutzerkl\u00e4rung keine speziellere Speicherdauer genannt wurde, verbleiben Ihre personenbezogenen Daten bei mir, bis der Zweck f\u00fcr die Datenverarbeitung entf\u00e4llt. Wenn Sie ein berechtigtes L\u00f6schersuchen geltend machen oder eine Einwilligung zur Datenverarbeitung widerrufen, werden Ihre Daten gel\u00f6scht, sofern ich keine anderen rechtlich zul\u00e4ssigen Gr\u00fcnde f\u00fcr die Speicherung Ihrer personenbezogenen Daten habe (z.&nbsp;B. steuer- oder handelsrechtliche Aufbewahrungsfristen); im letztgenannten Fall erfolgt die L\u00f6schung nach Fortfall dieser Gr\u00fcnde.<\/p>\n\n\n\n<h5 class=\"wp-block-heading\">Allgemeine Hinweise zu den Rechtsgrundlagen der Datenverarbeitung auf dieser Website<\/h5>\n\n\n\n<p>Sofern Sie in die Datenverarbeitung eingewilligt haben, verarbeite ich Ihre personenbezogenen Daten auf Grundlage von Art. 6 Abs. 1 lit. a DSGVO bzw. Art. 9 Abs. 2 lit. a DSGVO, sofern besondere Datenkategorien nach Art. 9 Abs. 1 DSGVO verarbeitet werden. Im Falle einer ausdr\u00fccklichen Einwilligung in die \u00dcbertragung personenbezogener Daten in Drittstaaten erfolgt die Datenverarbeitung au\u00dferdem auf Grundlage von Art. 49 Abs. 1 lit. a DSGVO. Sofern Sie in die Speicherung von Cookies oder in den Zugriff auf Informationen in Ihr Endger\u00e4t (z.&nbsp;B. via Device-Fingerprinting) eingewilligt haben, erfolgt die Datenverarbeitung zus\u00e4tzlich auf Grundlage von \u00a7 25 Abs. 1 TDDDG. Die Einwilligung ist jederzeit widerrufbar. Sind Ihre Daten zur Vertragserf\u00fcllung oder zur Durchf\u00fchrung vorvertraglicher Ma\u00dfnahmen erforderlich, verarbeite ich Ihre Daten auf Grundlage des Art. 6 Abs. 1 lit. b DSGVO. Des Weiteren verarbeite ich Ihre Daten, sofern diese zur Erf\u00fcllung einer rechtlichen Verpflichtung erforderlich sind auf Grundlage von Art. 6 Abs. 1 lit. c DSGVO. Die Datenverarbeitung kann ferner auf Grundlage unseres berechtigten Interesses nach Art. 6 Abs. 1 lit. f DSGVO erfolgen. \u00dcber die jeweils im Einzelfall einschl\u00e4gigen Rechtsgrundlagen wird in den folgenden Abs\u00e4tzen dieser Datenschutzerkl\u00e4rung informiert.<\/p>\n\n\n\n<h5 class=\"wp-block-heading\">Empf\u00e4nger von personenbezogenen Daten<\/h5>\n\n\n\n<p>Im Rahmen unserer Gesch\u00e4ftst\u00e4tigkeit arbeite ich mit verschiedenen externen Stellen zusammen. Dabei ist teilweise auch eine \u00dcbermittlung von personenbezogenen Daten an diese externen Stellen erforderlich. Ich gebe personenbezogene Daten nur dann an externe Stellen weiter, wenn dies im Rahmen einer Vertragserf\u00fcllung erforderlich ist, wenn ich gesetzlich hierzu verpflichtet bin (z.&nbsp;B. Weitergabe von Daten an Steuerbeh\u00f6rden), wenn ich ein berechtigtes Interesse nach Art. 6 Abs. 1 lit. f DSGVO an der Weitergabe habe oder wenn eine sonstige Rechtsgrundlage die Datenweitergabe erlaubt. Beim Einsatz von Auftragsverarbeitern gebe ich personenbezogene Daten meine Kunden nur auf Grundlage eines g\u00fcltigen Vertrags \u00fcber Auftragsverarbeitung weiter. Im Falle einer gemeinsamen Verarbeitung wird ein Vertrag \u00fcber gemeinsame Verarbeitung geschlossen.<\/p>\n\n\n\n<h5 class=\"wp-block-heading\">Widerruf Ihrer Einwilligung zur Datenverarbeitung<\/h5>\n\n\n\n<p>Viele Datenverarbeitungsvorg\u00e4nge sind nur mit Ihrer ausdr\u00fccklichen Einwilligung m\u00f6glich. Sie k\u00f6nnen eine bereits erteilte Einwilligung jederzeit widerrufen. Die Rechtm\u00e4\u00dfigkeit der bis zum Widerruf erfolgten Datenverarbeitung bleibt vom Widerruf unber\u00fchrt.<\/p>\n\n\n\n<h5 class=\"wp-block-heading\">Widerspruchsrecht gegen die Datenerhebung in besonderen F\u00e4llen sowie gegen Direktwerbung (Art. 21 DSGVO)<\/h5>\n\n\n\n<p>WENN DIE DATENVERARBEITUNG AUF GRUNDLAGE VON ART. 6 ABS. 1 LIT. E ODER F DSGVO ERFOLGT, HABEN SIE JEDERZEIT DAS RECHT, AUS GR\u00dcNDEN, DIE SICH AUS IHRER BESONDEREN SITUATION ERGEBEN, GEGEN DIE VERARBEITUNG IHRER PERSONENBEZOGENEN DATEN WIDERSPRUCH EINZULEGEN; DIES GILT AUCH F\u00dcR EIN AUF DIESE BESTIMMUNGEN GEST\u00dcTZTES PROFILING. DIE JEWEILIGE RECHTSGRUNDLAGE, AUF DENEN EINE VERARBEITUNG BERUHT, ENTNEHMEN SIE DIESER DATENSCHUTZERKL\u00c4RUNG. WENN SIE WIDERSPRUCH EINLEGEN, WERDE ICH IHRE BETROFFENEN PERSONENBEZOGENEN DATEN NICHT MEHR VERARBEITEN, ES SEI DENN, ICH KANN ZWINGENDE SCHUTZW\u00dcRDIGE GR\u00dcNDE F\u00dcR DIE VERARBEITUNG NACHWEISEN, DIE IHRE INTERESSEN, RECHTE UND FREIHEITEN \u00dcBERWIEGEN ODER DIE VERARBEITUNG DIENT DER GELTENDMACHUNG, AUS\u00dcBUNG ODER VERTEIDIGUNG VON RECHTSANSPR\u00dcCHEN (WIDERSPRUCH NACH ART. 21 ABS. 1 DSGVO).<\/p>\n\n\n\n<p>WERDEN IHRE PERSONENBEZOGENEN DATEN VERARBEITET, UM DIREKTWERBUNG ZU BETREIBEN, SO HABEN SIE DAS RECHT, JEDERZEIT WIDERSPRUCH GEGEN DIE VERARBEITUNG SIE BETREFFENDER PERSONENBEZOGENER DATEN ZUM ZWECKE DERARTIGER WERBUNG EINZULEGEN; DIES GILT AUCH F\u00dcR DAS PROFILING, SOWEIT ES MIT SOLCHER DIREKTWERBUNG IN VERBINDUNG STEHT. WENN SIE WIDERSPRECHEN, WERDEN IHRE PERSONENBEZOGENEN DATEN ANSCHLIESSEND NICHT MEHR ZUM ZWECKE DER DIREKTWERBUNG VERWENDET (WIDERSPRUCH NACH ART. 21 ABS. 2 DSGVO).<\/p>\n\n\n\n<h5 class=\"wp-block-heading\">Beschwerde\u00adrecht bei der zust\u00e4ndigen Aufsichts\u00adbeh\u00f6rde<\/h5>\n\n\n\n<p>Im Falle von Verst\u00f6\u00dfen gegen die DSGVO steht den Betroffenen ein Beschwerderecht bei einer Aufsichtsbeh\u00f6rde, insbesondere in dem Mitgliedstaat ihres gew\u00f6hnlichen Aufenthalts, ihres Arbeitsplatzes oder des Orts des mutma\u00dflichen Versto\u00dfes zu. Das Beschwerderecht besteht unbeschadet anderweitiger verwaltungsrechtlicher oder gerichtlicher Rechtsbehelfe.<\/p>\n\n\n\n<h5 class=\"wp-block-heading\">Recht auf Daten\u00ad\u00fcbertrag\u00adbarkeit<\/h5>\n\n\n\n<p>Sie haben das Recht, Daten, die ich auf Grundlage Ihrer Einwilligung oder in Erf\u00fcllung eines Vertrags automatisiert verarbeite, an sich oder an einen Dritten in einem g\u00e4ngigen, maschinenlesbaren Format aush\u00e4ndigen zu lassen. Sofern Sie die direkte \u00dcbertragung der Daten an einen anderen Verantwortlichen verlangen, erfolgt dies nur, soweit es technisch machbar ist.<\/p>\n\n\n\n<h5 class=\"wp-block-heading\">Auskunft, Berichtigung und L\u00f6schung<\/h5>\n\n\n\n<p>Sie haben im Rahmen der geltenden gesetzlichen Bestimmungen jederzeit das Recht auf unentgeltliche Auskunft \u00fcber Ihre gespeicherten personenbezogenen Daten, deren Herkunft und Empf\u00e4nger und den Zweck der Datenverarbeitung und ggf. ein Recht auf Berichtigung oder L\u00f6schung dieser Daten. Hierzu sowie zu weiteren Fragen zum Thema personenbezogene Daten k\u00f6nnen Sie sich jederzeit an mich wenden.<\/p>\n\n\n\n<h5 class=\"wp-block-heading\">Recht auf Einschr\u00e4nkung der Verarbeitung<\/h5>\n\n\n\n<p>Sie haben das Recht, die Einschr\u00e4nkung der Verarbeitung Ihrer personenbezogenen Daten zu verlangen. Hierzu k\u00f6nnen Sie sich jederzeit an mich wenden. Das Recht auf Einschr\u00e4nkung der Verarbeitung besteht in folgenden F\u00e4llen:<\/p>\n\n\n\n<ul class=\"wp-block-list\">\n<li>Wenn Sie die Richtigkeit Ihrer bei mir gespeicherten personenbezogenen Daten bestreiten, ben\u00f6tige ich in der Regel Zeit, um dies zu \u00fcberpr\u00fcfen. F\u00fcr die Dauer der Pr\u00fcfung haben Sie das Recht, die Einschr\u00e4nkung der Verarbeitung Ihrer personenbezogenen Daten zu verlangen.<\/li>\n\n\n\n<li>Wenn die Verarbeitung Ihrer personenbezogenen Daten unrechtm\u00e4\u00dfig geschah\/geschieht, k\u00f6nnen Sie statt der L\u00f6schung die Einschr\u00e4nkung der Datenverarbeitung verlangen.<\/li>\n\n\n\n<li>Wenn ich Ihre personenbezogenen Daten nicht mehr ben\u00f6tige, Sie sie jedoch zur Aus\u00fcbung, Verteidigung oder Geltendmachung von Rechtsanspr\u00fcchen ben\u00f6tigen, haben Sie das Recht, statt der L\u00f6schung die Einschr\u00e4nkung der Verarbeitung Ihrer personenbezogenen Daten zu verlangen.<\/li>\n\n\n\n<li>Wenn Sie einen Widerspruch nach Art. 21 Abs. 1 DSGVO eingelegt haben, muss eine Abw\u00e4gung zwischen Ihren und meinen Interessen vorgenommen werden. Solange noch nicht feststeht, wessen Interessen \u00fcberwiegen, haben Sie das Recht, die Einschr\u00e4nkung der Verarbeitung Ihrer personenbezogenen Daten zu verlangen.<\/li>\n<\/ul>\n\n\n\n<p>Wenn Sie die Verarbeitung Ihrer personenbezogenen Daten eingeschr\u00e4nkt haben, d\u00fcrfen diese Daten \u2013 von ihrer Speicherung abgesehen \u2013 nur mit Ihrer Einwilligung oder zur Geltendmachung, Aus\u00fcbung oder Verteidigung von Rechtsanspr\u00fcchen oder zum Schutz der Rechte einer anderen nat\u00fcrlichen oder juristischen Person oder aus Gr\u00fcnden eines wichtigen \u00f6ffentlichen Interesses der Europ\u00e4ischen Union oder eines Mitgliedstaats verarbeitet werden.<\/p>\n\n\n\n<h5 class=\"wp-block-heading\">SSL- bzw. TLS-Verschl\u00fcsselung<\/h5>\n\n\n\n<p>Diese Seite nutzt aus Sicherheitsgr\u00fcnden und zum Schutz der \u00dcbertragung vertraulicher Inhalte, wie zum Beispiel Bestellungen oder Anfragen, die Sie an uns als Seitenbetreiber senden, eine SSL- bzw. TLS-Verschl\u00fcsselung. Eine verschl\u00fcsselte Verbindung erkennen Sie daran, dass die Adresszeile des Browsers von \u201ehttp:\/\/\u201c auf \u201ehttps:\/\/\u201c wechselt und an dem Schloss-Symbol in Ihrer Browserzeile.<\/p>\n\n\n\n<p>Wenn die SSL- bzw. TLS-Verschl\u00fcsselung aktiviert ist, k\u00f6nnen die Daten, die Sie an mich \u00fcbermitteln, nicht von Dritten mitgelesen werden.<\/p>\n\n\n\n<h5 class=\"wp-block-heading\">Widerspruch gegen Werbe-E-Mails<\/h5>\n\n\n\n<p>Der Nutzung von im Rahmen der Impressumspflicht ver\u00f6ffentlichten Kontaktdaten zur \u00dcbersendung von nicht ausdr\u00fccklich angeforderter Werbung und Informationsmaterialien wird hiermit widersprochen. Die Betreiberin der Seiten beh\u00e4lt sich ausdr\u00fccklich rechtliche Schritte im Falle der unverlangten Zusendung von Werbeinformationen, etwa durch Spam-E-Mails, vor.<\/p>\n\n\n\n<h4 class=\"wp-block-heading\">4. Datenerfassung auf dieser Website<\/h4>\n\n\n\n<h5 class=\"wp-block-heading\">Anfrage per E-Mail, Telefon oder Telefax<\/h5>\n\n\n\n<p>Wenn Sie mich per E-Mail, Telefon oder Telefax kontaktieren, wird Ihre Anfrage inklusive aller daraus hervorgehenden personenbezogenen Daten (Name, Anfrage) zum Zwecke der Bearbeitung Ihres Anliegens bei mir gespeichert und verarbeitet. Diese Daten gebe ich nicht ohne Ihre Einwilligung weiter.<\/p>\n\n\n\n<p>Die Verarbeitung dieser Daten erfolgt auf Grundlage von Art. 6 Abs. 1 lit. b DSGVO, sofern Ihre Anfrage mit der Erf\u00fcllung eines Vertrags zusammenh\u00e4ngt oder zur Durchf\u00fchrung vorvertraglicher Ma\u00dfnahmen erforderlich ist. In allen \u00fcbrigen F\u00e4llen beruht die Verarbeitung auf unserem berechtigten Interesse an der effektiven Bearbeitung der an mich gerichteten Anfragen (Art. 6 Abs. 1 lit. f DSGVO) oder auf Ihrer Einwilligung (Art. 6 Abs. 1 lit. a DSGVO) sofern diese abgefragt wurde; die Einwilligung ist jederzeit widerrufbar.<\/p>\n\n\n\n<p>Die von Ihnen an mich per Kontaktanfragen \u00fcbersandten Daten verbleiben bei uns, bis Sie uns zur L\u00f6schung auffordern, Ihre Einwilligung zur Speicherung widerrufen oder der Zweck f\u00fcr die Datenspeicherung entf\u00e4llt (z.&nbsp;B. nach abgeschlossener Bearbeitung Ihres Anliegens). Zwingende gesetzliche Bestimmungen \u2013 insbesondere gesetzliche Aufbewahrungsfristen \u2013 bleiben unber\u00fchrt.<\/p>\n\n\n\n<h4 class=\"wp-block-heading\">5. Plugins und Tools<\/h4>\n\n\n\n<h5 class=\"wp-block-heading\">Google Fonts (lokales Hosting)<\/h5>\n\n\n\n<p>Diese Seite nutzt zur einheitlichen Darstellung von Schriftarten so genannte Google Fonts, die von Google bereitgestellt werden. Die Google Fonts sind lokal installiert. Eine Verbindung zu Servern von Google findet dabei nicht statt. Weitere Informationen zu Google Fonts finden Sie unter <a href=\"https:\/\/developers.google.com\/fonts\/faq\" target=\"_blank\" rel=\"noreferrer noopener\">https:\/\/developers.google.com\/fonts\/faq<\/a> und in der Datenschutzerkl\u00e4rung von Google: <a href=\"https:\/\/policies.google.com\/privacy?hl=de\" target=\"_blank\" rel=\"noreferrer noopener\">https:\/\/policies.google.com\/privacy?hl=de<\/a>.<\/p>\n\n\n\n<h5 class=\"wp-block-heading\">Font Awesome (lokales Hosting)<\/h5>\n\n\n\n<p>Diese Seite nutzt zur einheitlichen Darstellung von Schriftarten Font Awesome. Font Awesome ist lokal installiert. Eine Verbindung zu Servern von Fonticons, Inc. findet dabei nicht statt. Weitere Informationen zu Font Awesome finden Sie in der Datenschutzerkl\u00e4rung f\u00fcr Font Awesome unter: <a href=\"https:\/\/fontawesome.com\/privacy\" target=\"_blank\" rel=\"noreferrer noopener\">https:\/\/fontawesome.com\/privacy<\/a>.<\/p>\n\n\n\n<p><em>Quelle: <a href=\"http:\/\/www.e-recht24.de\/impressum-generator.html\">http:\/\/www.e-recht24.de<\/a><\/em><\/p>\n\n\n\n<p>\u00a9 Sigrid Lessing 2024<\/p>\n\n\n\n<p><\/p>\n","protected":false},"excerpt":{"rendered":"<p>1. Datenschutz auf einen Blick Allgemeine Hinweise Die folgenden Hinweise geben einen einfachen \u00dcberblick dar\u00fcber, was mit Ihren personenbezogenen Daten passiert, wenn Sie diese Website besuchen. Personenbezogene Daten sind alle Daten, mit denen Sie pers\u00f6nlich identifiziert werden k\u00f6nnen. Ausf\u00fchrliche Informationen zum Thema Datenschutz entnehmen Sie unserer unter diesem Text aufgef\u00fchrten Datenschutzerkl\u00e4rung. Datenerfassung auf dieser Website&hellip;&nbsp;<a href=\"https:\/\/grafik-lessing.de\/?page_id=110\" rel=\"bookmark\">Weiterlesen &raquo;<span class=\"screen-reader-text\">Datenschutzerkl\u00e4rung<\/span><\/a><\/p>\n","protected":false},"author":1,"featured_media":0,"parent":0,"menu_order":0,"comment_status":"closed","ping_status":"closed","template":"","meta":{"neve_meta_sidebar":"","neve_meta_container":"","neve_meta_enable_content_width":"","neve_meta_content_width":0,"neve_meta_title_alignment":"","neve_meta_author_avatar":"","neve_post_elements_order":"","neve_meta_disable_header":"","neve_meta_disable_footer":"","neve_meta_disable_title":"","advanced_seo_description":"","jetpack_seo_html_title":"","jetpack_seo_noindex":false,"_themeisle_gutenberg_block_has_review":false,"footnotes":""},"class_list":["post-110","page","type-page","status-publish","hentry"],"jetpack_shortlink":"https:\/\/wp.me\/P4F47S-1M","jetpack_sharing_enabled":false,"_links":{"self":[{"href":"https:\/\/grafik-lessing.de\/index.php?rest_route=\/wp\/v2\/pages\/110","targetHints":{"allow":["GET"]}}],"collection":[{"href":"https:\/\/grafik-lessing.de\/index.php?rest_route=\/wp\/v2\/pages"}],"about":[{"href":"https:\/\/grafik-lessing.de\/index.php?rest_route=\/wp\/v2\/types\/page"}],"author":[{"embeddable":true,"href":"https:\/\/grafik-lessing.de\/index.php?rest_route=\/wp\/v2\/users\/1"}],"replies":[{"embeddable":true,"href":"https:\/\/grafik-lessing.de\/index.php?rest_route=%2Fwp%2Fv2%2Fcomments&post=110"}],"version-history":[{"count":40,"href":"https:\/\/grafik-lessing.de\/index.php?rest_route=\/wp\/v2\/pages\/110\/revisions"}],"predecessor-version":[{"id":4785,"href":"https:\/\/grafik-lessing.de\/index.php?rest_route=\/wp\/v2\/pages\/110\/revisions\/4785"}],"wp:attachment":[{"href":"https:\/\/grafik-lessing.de\/index.php?rest_route=%2Fwp%2Fv2%2Fmedia&parent=110"}],"curies":[{"name":"wp","href":"https:\/\/api.w.org\/{rel}","templated":true}]}}